{"id":11092,"date":"2024-07-09T06:40:49","date_gmt":"2024-07-09T06:40:49","guid":{"rendered":"https:\/\/vielfalt-gruendet.de\/?page_id=11092"},"modified":"2025-02-18T13:28:38","modified_gmt":"2025-02-18T11:28:38","slug":"hintergrund","status":"publish","type":"page","link":"https:\/\/vielfalt-gruendet.de\/vi\/hintergrund","title":{"rendered":"Hintergrund &#8211; Neu"},"content":{"rendered":"<div data-elementor-type=\"wp-post\" data-elementor-id=\"11092\" class=\"elementor elementor-11092\" data-elementor-post-type=\"page\">\n\t\t\t\t\t\t<section data-particle_enable=\"false\" data-particle-mobile-disabled=\"false\" class=\"elementor-section elementor-top-section elementor-element elementor-element-50eca270 elementor-section-boxed elementor-section-height-default elementor-section-height-default\" data-id=\"50eca270\" data-element_type=\"section\">\n\t\t\t\t\t\t<div class=\"elementor-container elementor-column-gap-default\">\n\t\t\t\t\t<div class=\"elementor-column elementor-col-100 elementor-top-column elementor-element elementor-element-2c913f16\" data-id=\"2c913f16\" data-element_type=\"column\">\n\t\t\t<div class=\"elementor-widget-wrap elementor-element-populated\">\n\t\t\t\t\t\t<div class=\"elementor-element elementor-element-6ac96dff elementor-widget elementor-widget-heading\" data-id=\"6ac96dff\" data-element_type=\"widget\" data-widget_type=\"heading.default\">\n\t\t\t\t<div class=\"elementor-widget-container\">\n\t\t\t\t\t<h2 class=\"elementor-heading-title elementor-size-default\">B\u1ed1i c\u1ea3nh<\/h2>\t\t\t\t<\/div>\n\t\t\t\t<\/div>\n\t\t\t\t<div class=\"elementor-element elementor-element-f829ade elementor-widget elementor-widget-text-editor\" data-id=\"f829ade\" data-element_type=\"widget\" data-widget_type=\"text-editor.default\">\n\t\t\t\t<div class=\"elementor-widget-container\">\n\t\t\t\t\t\t\t\t\t<p><span style=\"color: #808080;\">Chu\u1ed7i h\u1ed9i th\u1ea3o<strong> Vielfalt gr\u00fcndet<\/strong><\/span>\u00a0\/\u00a0<a href=\"https:\/\/www.berlin.de\/sen\/web\/\">Senatsverwaltung f\u00fcr Wirtschaft, Energie und Betriebe<\/a>\u00a0l\u00e0 m\u1ed9t s\u00e1ng ki\u1ebfn c\u1ee7a S\u1edf Kinh t\u1ebf, N\u0103ng l\u01b0\u1ee3ng v\u00e0 Doanh nghi\u1ec7p Berlin v\u00e0 \u0111\u00e3 \u0111\u01b0\u1ee3c th\u1ef1c hi\u1ec7n t\u1eeb n\u0103m 2003. Hi\u1ec7n nay, t\u1ed5 ch\u1ee9c v\u00e0 th\u1ef1c hi\u1ec7n \u0111\u01b0\u1ee3c giao cho c\u01a1 quan truy\u1ec1n th\u00f4ng ariadne an der spree.<\/p><p>Ph\u1ed1i h\u1ee3p v\u1edbi nhi\u1ec1u c\u1ed9ng \u0111\u1ed3ng d\u00e2n t\u1ed9c, ch\u00fang t\u00f4i cung c\u1ea5p c\u00e1c h\u1ed9i th\u1ea3o kh\u1edfi nghi\u1ec7p \u0111a ng\u00f4n ng\u1eef. Nh\u1eefng h\u1ed9i th\u1ea3o n\u00e0y d\u00e0nh cho c\u00e1c doanh nh\u00e2n qu\u1ed1c t\u1ebf quan t\u00e2m t\u1ea1i Berlin v\u00e0 cung c\u1ea5p t\u01b0 v\u1ea5n c\u00e1 nh\u00e2n c\u0169ng nh\u01b0 c\u01a1 h\u1ed9i k\u1ebft n\u1ed1i.<\/p><p>Ng\u01b0\u1eddi tham gia nh\u1eadn \u0111\u01b0\u1ee3c v\u00e9 mi\u1ec5n ph\u00ed v\u00e0o Ng\u00e0y H\u1ed9i C\u00e1c Nh\u00e0 S\u00e1ng L\u1eadp v\u00e0 Doanh Nh\u00e2n \u0110\u1ee9c<a href=\"https:\/\/vielfalt-gruendet.de\/vi\/degut\/\">deGUT<\/a>), einer der wichtigsten Messen f\u00fcr Existenzgr\u00fcndung und Unternehmertum, die am 10. und 11. Oktober 2025 stattfinden. Hier k\u00f6nnen Sie sich mit anderen Gr\u00fcnder*innen, Unternehmer*innen und Berater*innen vernetzen und praxisnahe Seminare und Workshops besuchen.<\/p>\t\t\t\t\t\t\t\t<\/div>\n\t\t\t\t<\/div>\n\t\t\t\t\t<\/div>\n\t\t<\/div>\n\t\t\t\t\t<\/div>\n\t\t<\/section>\n\t\t\t\t<\/div>","protected":false},"excerpt":{"rendered":"<p>Hintergrund Die Seminarreihe Vielfalt gr\u00fcndet\u00a0ist ein Angebot der\u00a0Senatsverwaltung f\u00fcr Wirtschaft, Energie und Betriebe\u00a0und wird seit 2003 durchgef\u00fchrt. Mit der Organisation und Durchf\u00fchrung ist aktuell die Kommunikationsagentur ariadne an der spree beauftragt. In Zusammenarbeit mit zahlreichen ethnischen Communities bieten wir mehrsprachige Existenzgr\u00fcndungsseminare an. Diese Seminare richten sich an internationale Gr\u00fcndungsinteressierte in Berlin und bieten individuelle Beratung [&hellip;]<\/p>\n","protected":false},"author":4,"featured_media":0,"parent":0,"menu_order":0,"comment_status":"closed","ping_status":"closed","template":"","meta":{"footnotes":""},"categories":[],"tags":[],"class_list":["post-11092","page","type-page","status-publish","hentry"],"_links":{"self":[{"href":"https:\/\/vielfalt-gruendet.de\/vi\/wp-json\/wp\/v2\/pages\/11092","targetHints":{"allow":["GET"]}}],"collection":[{"href":"https:\/\/vielfalt-gruendet.de\/vi\/wp-json\/wp\/v2\/pages"}],"about":[{"href":"https:\/\/vielfalt-gruendet.de\/vi\/wp-json\/wp\/v2\/types\/page"}],"author":[{"embeddable":true,"href":"https:\/\/vielfalt-gruendet.de\/vi\/wp-json\/wp\/v2\/users\/4"}],"replies":[{"embeddable":true,"href":"https:\/\/vielfalt-gruendet.de\/vi\/wp-json\/wp\/v2\/comments?post=11092"}],"version-history":[{"count":34,"href":"https:\/\/vielfalt-gruendet.de\/vi\/wp-json\/wp\/v2\/pages\/11092\/revisions"}],"predecessor-version":[{"id":11989,"href":"https:\/\/vielfalt-gruendet.de\/vi\/wp-json\/wp\/v2\/pages\/11092\/revisions\/11989"}],"wp:attachment":[{"href":"https:\/\/vielfalt-gruendet.de\/vi\/wp-json\/wp\/v2\/media?parent=11092"}],"wp:term":[{"taxonomy":"category","embeddable":true,"href":"https:\/\/vielfalt-gruendet.de\/vi\/wp-json\/wp\/v2\/categories?post=11092"},{"taxonomy":"post_tag","embeddable":true,"href":"https:\/\/vielfalt-gruendet.de\/vi\/wp-json\/wp\/v2\/tags?post=11092"}],"curies":[{"name":"wp","href":"https:\/\/api.w.org\/{rel}","templated":true}]}}